{"id":2460,"date":"2019-09-12T20:59:31","date_gmt":"2019-09-12T20:59:31","guid":{"rendered":"http:\/\/www.impulsfestival.de\/2019\/?page_id=2460"},"modified":"2019-09-13T08:52:46","modified_gmt":"2019-09-13T08:52:46","slug":"impuls-stipendium","status":"publish","type":"page","link":"http:\/\/www.impulsfestival.de\/2019\/impuls-stipendium\/","title":{"rendered":"Sti\u00adpen\u00addi\u00adum f\u00f6r\u00addert junge Diri\u00adgen\u00adten"},"content":{"rendered":"<h1>Sti\u00adpen\u00addi\u00adum f\u00f6r\u00addert junge Diri\u00adgen\u00adten<\/h1>\n<p>Das IMPULS-Fes\u00adti\u00adval f\u00fcr Neue Musik Sach\u00adsen-Anhalt ver\u00adgibt 2019 erst\u00admals ein IMPULS-Diri\u00adgiersti\u00adpen\u00addi\u00adum in Koope\u00adra\u00adti\u00adon mit dem Inter\u00adna\u00adtio\u00adna\u00adlen Kurt-Masur-Insti\u00adtut und der Oper Halle.<\/p>\n<p>Mit dieser ein\u00adzig\u00adar\u00adti\u00adgen F\u00f6r\u00adde\u00adrung f\u00fcr junge Diri\u00adgen\u00adten ehrt diese Initia\u00adti\u00adve nicht nur den gro\u00dfen Gewand\u00adhaus\u00adka\u00adpell\u00admeis\u00adter, son\u00addern schl\u00e4gt f\u00fcr die Stadt Halle auch einen Bogen zwi\u00adschen Ver\u00adgan\u00adgen\u00adheit und Zukunft. Der ber\u00fchm\u00adte Namens\u00adge\u00adber Kurt Masur hatte sich nicht nur zeit\u00adle\u00adbens f\u00fcr die Neue Musik und auch f\u00fcr die nach\u00adhal\u00adti\u00adge Nach\u00adwuchs\u00adf\u00f6r\u00adde\u00adrung enga\u00adgiert, son\u00addern begann als junger Diri\u00adgent seine Lauf\u00adbahn am Opern\u00adhaus Halle. Mit dem Sti\u00adpen\u00addi\u00adum ver\u00adbun\u00adden sind Kon\u00adzert\u00addi\u00adri\u00adga\u00adte beim IMPULS-Fes\u00adti\u00adval f\u00fcr Neue Musik Sach\u00adsen-Anhalt sowie eine musi\u00adka\u00adli\u00adsche Assis\u00adtenz bei der j\u00e4hr\u00adli\u00adchen zeit\u00adge\u00adn\u00f6s\u00adsi\u00adschen Musik\u00adthea\u00adter\u00adpro\u00adduk\u00adti\u00adon an der Oper Halle.<\/p>\n<p>Erster IMPULS-Kurt-Masur-Sti\u00adpen\u00addi\u00adat ist der junge Arman\u00addo Merino. Der Spa\u00adni\u00ader diri\u00adgiert zum Er\u00f6ff\u00adnungs\u00adkon\u00adzert des IMPULS-Fes\u00adti\u00advals am 16. Okto\u00adber Mit\u00adglie\u00adder der Staats\u00adka\u00adpel\u00adle Halle. Zudem diri\u00adgiert er am Ende des Fes\u00adti\u00advals im Novem\u00adber die Mag\u00adde\u00adbur\u00adgi\u00adsche Phil\u00adhar\u00admo\u00adnie. An der Oper Halle assis\u00adtiert Merino dem Neue-Musik-Spe\u00adzia\u00adlis\u00adten und ersten Kapell\u00admeis\u00adter der Oper, Micha\u00adel Wen\u00adde\u00adberg, bei der Pro\u00adduk\u00adti\u00adon \u201eopera opera, opera! reven\u00adants and revo\u00adlu\u00adti\u00adons\u201c von Ole H\u00fcbner (Kom\u00adpo\u00adsi\u00adti\u00adon) und Thomas K\u00f6ck (Text), die am 17. Mai 2020 als Kopro\u00adduk\u00adti\u00adon mit der Oper Halle auf der M\u00fcnch\u00adner Bien\u00adna\u00adle \u2013 dem wich\u00adtigs\u00adten euro\u00adp\u00e4i\u00adschen Fes\u00adti\u00adval f\u00fcr Neues Musik\u00adthea\u00adter \u2013 urauf\u00adge\u00adf\u00fchrt wird. Anschlie\u00ad\u00dfend ist die Pro\u00adduk\u00adti\u00adon ab Juni 2020 auch in Halle zu sehen.&nbsp; Das abend\u00adf\u00fcl\u00adlen\u00adde Werk f\u00fcr Chor, Kin\u00adder\u00adchor und Soli nimmt mit der absur\u00adden Begeg\u00adnung zwi\u00adschen einem Cyborg und einem unter Amne\u00adsie lei\u00adden\u00adden Chor nach einer glo\u00adba\u00adlen Kata\u00adstro\u00adphe grund\u00ads\u00e4tz\u00adli\u00adche Fragen des Mensch\u00adseins und zuk\u00fcnf\u00adti\u00adgem Zusam\u00admen\u00adle\u00adbens in den Blick und ver\u00adspricht bewe\u00adgen\u00addes Musik\u00adthea\u00adter zwi\u00adschen Sci\u00adence-Fic\u00adtion und phi\u00adlo\u00adso\u00adphi\u00adschem Essay.<\/p>\n<p>Die Idee zum Sti\u00adpen\u00addi\u00adum ent\u00adstand 2018, als die Schirm\u00adher\u00adrin des IMPULS-Fes\u00adti\u00advals, Tomoko Masur, Pr\u00e4\u00adsi\u00adden\u00adtin des Inter\u00adna\u00adtio\u00adna\u00adlen Kurt-Masur-Insti\u00adtuts, junge Nach\u00adwuchs\u00addi\u00adri\u00adgen\u00adten, \u2011solis\u00adten und \u2011kom\u00adpo\u00adnis\u00adten im Fes\u00adti\u00adval\u00adpro\u00adgramm erleb\u00adte. Sie zeigte sich von dem hohen Niveau der ins\u00adge\u00adsamt 25 jungen Meis\u00adter des Jahr\u00adgangs \u201eJunge Meis\u00adter\u201c sehr beein\u00addruckt: \u201eF\u00fcr meinen Mann, Kurt Masur, aber auch f\u00fcr das Insti\u00adtut und mich ist die F\u00f6r\u00adde\u00adrung und Unter\u00adst\u00fct\u00adzung der musi\u00adka\u00adli\u00adschen Viel\u00adfalt, im Beson\u00adde\u00adren dabei von auf\u00adstre\u00adben\u00adden Musi\u00adkern und Diri\u00adgen\u00adten, ein zen\u00adtra\u00adles Thema. Mit Arman\u00addo Merino hat das Fes\u00adti\u00adval einen wun\u00adder\u00adba\u00adren Nach\u00adwuchs-Diri\u00adgen\u00adten aus\u00adge\u00adw\u00e4hlt! Nach seinem Stu\u00addi\u00adum war mein Mann f\u00fcr 3&nbsp;Jahre selbst Kapell\u00admeis\u00adter am Lan\u00addes\u00adthea\u00adter Halle. Diese his\u00adto\u00adri\u00adsche Ver\u00adbin\u00addung ist nun auch als ein toller Br\u00fc\u00adcken\u00adschlag in die Zukunft zu betrach\u00adten.\u201c<\/p>\n<p>Diese Junge-Meis\u00adter-Initia\u00adti\u00adve bewog auch die Lei\u00adtung der Oper Halle, sich an Koope\u00adra\u00adti\u00adon zu betei\u00adli\u00adgen, f\u00fcr die sie eine musi\u00adka\u00adli\u00adsche Assis\u00adtenz im Rahmen der j\u00e4hr\u00adli\u00adchen zeit\u00adge\u00adn\u00f6s\u00adsi\u00adschen Musik\u00adthea\u00adter\u00adpro\u00adduk\u00adti\u00adon erm\u00f6g\u00adlicht: \u201eF\u00fcr uns ist die F\u00f6r\u00adde\u00adrung zeit\u00adge\u00adn\u00f6s\u00adsi\u00adscher Musik eine zen\u00adtra\u00adle S\u00e4ule unse\u00adres k\u00fcnst\u00adle\u00adri\u00adschen Pro\u00adgramms. Jede Saison geben wir eine Urauf\u00adf\u00fch\u00adrung f\u00fcr die gro\u00dfe B\u00fchne in Auf\u00adtrag, die sich an den dr\u00e4n\u00adgen\u00adden sozia\u00adlen, poli\u00adti\u00adschen und \u00e4sthe\u00adti\u00adschen Fragen unse\u00adrer Gegen\u00adwart abar\u00adbei\u00adtet und koope\u00adrie\u00adren dar\u00ad\u00fcber hinaus in zahl\u00adrei\u00adchen ande\u00adren Pro\u00adjek\u00adten regel\u00adm\u00e4\u00ad\u00dfig mit regio\u00adna\u00adlen und \u00fcber\u00adre\u00adgio\u00adna\u00adlen Akteur*innen, wie dem Impuls-Fes\u00adti\u00adval und der Initia\u00adti\u00adve \u201eNOpe\u00adras\u201c des Kul\u00adtur\u00adse\u00adkre\u00adta\u00adri\u00adats NRW. Nun im Rahmen des Kurt-Masur Sti\u00adpen\u00addi\u00adums auch etwas f\u00fcr die Nach\u00adwuchs\u00adf\u00f6r\u00adde\u00adrung tun zu k\u00f6nnen freut uns sehr.\u201c<\/p>\n<p>&nbsp;<\/p>\n<p><strong>Arman\u00addo Merino<\/strong><\/p>\n<p>Seit seinem Diri\u00adgier\u00adstu\u00addi\u00adum bei Prof. Jordi Mora und Prof. Arturo Tamayo ver\u00adfolgt der Spa\u00adni\u00ader Arman\u00addo Merino kon\u00adse\u00adquent und mit stetig wach\u00adsen\u00addem Erfolg seinen Weg als gefrag\u00adter Diri\u00adgent mit Fokus auf der Inter\u00adpre\u00adta\u00adti\u00adon zeit\u00adge\u00adno\u0308s\u00adsi\u00adscher Musik und einem brei\u00adten Reper\u00adtoire in Sin\u00adfo\u00adnik wie Musik\u00adthea\u00adter. 2014 gru\u0308n\u00adde\u00adte Merino in seiner Wahl\u00adhei\u00admat Mu\u0308n\u00adchen das Ensem\u00adble Blau\u00ader\u00adRei\u00adter, mit dem er regel\u00adma\u0308\u00ad\u00dfi\u00adge Kon\u00adzer\u00adte in Mu\u0308n\u00adchen und Umge\u00adbung gibt und mit dem Baye\u00adri\u00adschen Rund\u00adfunk koope\u00adriert.<\/p>\n<p>Weg\u00adwei\u00adsen\u00adde Impul\u00adse erhielt er als Mit\u00adglied der Inter\u00adna\u00adtio\u00adna\u00adlen Ensem\u00adble Modern Aka\u00adde\u00admie (IEMA) sowie in Meis\u00adter\u00adkur\u00adsen bei Pierre Boulez, Peter Rundel, Micha\u00adel Luig und Kasper de Roo, und in der IMPULS Mas\u00adter\u00adclas\u00adses am Bau\u00adhaus unter Titus Engel und Jean Phil\u00adip\u00adpe Wurtz, wo er mit dem renom\u00admier\u00adten Zafra\u00adan Ensem\u00adble zusam\u00admen\u00adar\u00adbei\u00adte\u00adte.<\/p>\n<p>Als Gast\u00addi\u00adri\u00adgent folgte Merino Ein\u00adla\u00addun\u00adgen der Baye\u00adri\u00adschen Staats\u00adoper, des Deut\u00adschen Sym\u00adpho\u00adnie-Orches\u00adters Berlin (Ultra\u00adschall Fes\u00adti\u00adval) sowie des Kon\u00adzert\u00adhaus\u00ador\u00adches\u00adters Berlin (Ma\u0308rz\u00admu\u00adsik).<\/p>\n<p>2019 diri\u00adgiert Arman\u00addo Merino zur Er\u00f6ff\u00adnung des IMPULS-Fes\u00adti\u00advals im Okto\u00adber die Staats\u00adka\u00adpel\u00adle Halle und in Novem\u00adber die Mag\u00adde\u00adbur\u00adgi\u00adsche Phil\u00adhar\u00admo\u00adnie mit Werken von Steve Reich, Bernd Franke und Jef\u00adfrey Ching.<\/p>\n","protected":false},"excerpt":{"rendered":"<p>Sti\u00adpen\u00addi\u00adum f\u00f6r\u00addert junge Diri\u00adgen\u00adten Das IMPULS-Fes\u00ad\u00adti\u00ad\u00adval f\u00fcr Neue Musik Sach\u00ad\u00adsen-Anhalt ver\u00adgibt 2019 erst\u00admals ein IMPULS-Diri\u00ad\u00adgier\u00adsti\u00ad\u00adpen\u00ad\u00addi\u00adum in Koope\u00adra\u00adti\u00adon mit dem Inter\u00adna\u00adtio\u00adna\u00adlen Kurt-Masur-Insti\u00ad\u00adtut und der Oper Halle. Mit dieser ein\u00adzig\u00adar\u00adti\u00adgen F\u00f6r\u00adde\u00adrung f\u00fcr junge Diri\u00adgen\u00adten ehrt diese Initia\u00adti\u00adve nicht nur den gro\u00dfen Gewand\u00adhaus\u00adka\u00adpell\u00admeis\u00adter, son\u00addern schl\u00e4gt f\u00fcr die Stadt Halle auch einen Bogen zwi\u00adschen Ver\u00adgan\u00adgen\u00adheit und Zukunft. Der ber\u00fchm\u00adte [\u2026]<\/p>\n","protected":false},"author":4,"featured_media":2465,"parent":0,"menu_order":0,"comment_status":"closed","ping_status":"closed","template":"page-featured-image.php","meta":{"wp_typography_post_enhancements_disabled":false,"footnotes":""},"class_list":["post-2460","page","type-page","status-publish","has-post-thumbnail","hentry"],"_links":{"self":[{"href":"http:\/\/www.impulsfestival.de\/2019\/wp-json\/wp\/v2\/pages\/2460","targetHints":{"allow":["GET"]}}],"collection":[{"href":"http:\/\/www.impulsfestival.de\/2019\/wp-json\/wp\/v2\/pages"}],"about":[{"href":"http:\/\/www.impulsfestival.de\/2019\/wp-json\/wp\/v2\/types\/page"}],"author":[{"embeddable":true,"href":"http:\/\/www.impulsfestival.de\/2019\/wp-json\/wp\/v2\/users\/4"}],"replies":[{"embeddable":true,"href":"http:\/\/www.impulsfestival.de\/2019\/wp-json\/wp\/v2\/comments?post=2460"}],"version-history":[{"count":6,"href":"http:\/\/www.impulsfestival.de\/2019\/wp-json\/wp\/v2\/pages\/2460\/revisions"}],"predecessor-version":[{"id":2468,"href":"http:\/\/www.impulsfestival.de\/2019\/wp-json\/wp\/v2\/pages\/2460\/revisions\/2468"}],"wp:featuredmedia":[{"embeddable":true,"href":"http:\/\/www.impulsfestival.de\/2019\/wp-json\/wp\/v2\/media\/2465"}],"wp:attachment":[{"href":"http:\/\/www.impulsfestival.de\/2019\/wp-json\/wp\/v2\/media?parent=2460"}],"curies":[{"name":"wp","href":"https:\/\/api.w.org\/{rel}","templated":true}]}}